{"id":18268,"date":"2022-03-22T13:56:46","date_gmt":"2022-03-22T13:56:46","guid":{"rendered":"https:\/\/live-unv-swvr.pantheonsite.io\/sc-peru\/"},"modified":"2022-04-19T14:59:34","modified_gmt":"2022-04-19T14:59:34","slug":"sc-peru","status":"publish","type":"page","link":"https:\/\/swvr2022.unv.org\/fr\/sc-peru\/","title":{"rendered":"SC &#8211; P\u00e9rou"},"content":{"rendered":"\t\t<div data-elementor-type=\"wp-page\" data-elementor-id=\"18268\" class=\"elementor elementor-18268 elementor-12120\" data-elementor-settings=\"[]\">\n\t\t\t\t\t\t<div class=\"elementor-inner\">\n\t\t\t\t\t\t\t<div class=\"elementor-section-wrap\">\n\t\t\t\t\t\t\t<section class=\"has_eae_slider elementor-section elementor-top-section elementor-element elementor-element-31716706 elementor-section-height-min-height animated-slow elementor-section-content-middle elementor-section-boxed elementor-section-height-default elementor-section-items-middle elementor-invisible\" data-id=\"31716706\" data-element_type=\"section\" data-settings=\"{&quot;background_background&quot;:&quot;classic&quot;,&quot;animation&quot;:&quot;fadeIn&quot;}\">\n\t\t\t\t\t\t\t<div class=\"elementor-background-overlay\"><\/div>\n\t\t\t\t\t\t\t<div class=\"elementor-container elementor-column-gap-default\">\n\t\t\t\t\t\t\t<div class=\"elementor-row\">\n\t\t\t\t\t<div class=\"has_eae_slider elementor-column elementor-col-100 elementor-top-column elementor-element elementor-element-1736628a\" data-id=\"1736628a\" data-element_type=\"column\">\n\t\t\t<div class=\"elementor-column-wrap elementor-element-populated\">\n\t\t\t\t\t\t\t<div class=\"elementor-widget-wrap\">\n\t\t\t\t\t\t<section class=\"has_eae_slider elementor-section elementor-inner-section elementor-element elementor-element-a27c59b elementor-section-content-bottom elementor-section-boxed elementor-section-height-default elementor-section-height-default\" data-id=\"a27c59b\" data-element_type=\"section\" data-settings=\"{&quot;background_background&quot;:&quot;classic&quot;}\">\n\t\t\t\t\t\t<div class=\"elementor-container elementor-column-gap-default\">\n\t\t\t\t\t\t\t<div class=\"elementor-row\">\n\t\t\t\t\t<div class=\"has_eae_slider elementor-column elementor-col-100 elementor-inner-column elementor-element elementor-element-3d0230d6 animated-slow elementor-invisible\" data-id=\"3d0230d6\" data-element_type=\"column\" data-settings=\"{&quot;background_background&quot;:&quot;classic&quot;,&quot;animation&quot;:&quot;fadeIn&quot;,&quot;animation_delay&quot;:600}\">\n\t\t\t<div class=\"elementor-column-wrap elementor-element-populated\">\n\t\t\t\t\t\t\t<div class=\"elementor-widget-wrap\">\n\t\t\t\t\t\t<div class=\"elementor-element elementor-element-7277e2ce elementor-invisible elementor-widget elementor-widget-heading\" data-id=\"7277e2ce\" data-element_type=\"widget\" data-settings=\"{&quot;_animation&quot;:&quot;fadeIn&quot;,&quot;_animation_delay&quot;:600}\" data-widget_type=\"heading.default\">\n\t\t\t\t<div class=\"elementor-widget-container\">\n\t\t\t<h1 class=\"elementor-heading-title elementor-size-default\">Contributions sp\u00e9ciales<\/h1>\t\t<\/div>\n\t\t\t\t<\/div>\n\t\t\t\t<div class=\"elementor-element elementor-element-6fd54afa elementor-widget elementor-widget-spacer\" data-id=\"6fd54afa\" data-element_type=\"widget\" data-widget_type=\"spacer.default\">\n\t\t\t\t<div class=\"elementor-widget-container\">\n\t\t\t\t\t<div class=\"elementor-spacer\">\n\t\t\t<div class=\"elementor-spacer-inner\"><\/div>\n\t\t<\/div>\n\t\t\t\t<\/div>\n\t\t\t\t<\/div>\n\t\t\t\t<div class=\"elementor-element elementor-element-5b0f6f19 elementor-widget elementor-widget-heading\" data-id=\"5b0f6f19\" data-element_type=\"widget\" data-widget_type=\"heading.default\">\n\t\t\t\t<div class=\"elementor-widget-container\">\n\t\t\t<h4 class=\"elementor-heading-title elementor-size-default\">P\u00e9rou<\/h4>\t\t<\/div>\n\t\t\t\t<\/div>\n\t\t\t\t<div class=\"elementor-element elementor-element-682832eb elementor-widget elementor-widget-spacer\" data-id=\"682832eb\" data-element_type=\"widget\" data-widget_type=\"spacer.default\">\n\t\t\t\t<div class=\"elementor-widget-container\">\n\t\t\t\t\t<div class=\"elementor-spacer\">\n\t\t\t<div class=\"elementor-spacer-inner\"><\/div>\n\t\t<\/div>\n\t\t\t\t<\/div>\n\t\t\t\t<\/div>\n\t\t\t\t<div class=\"elementor-element elementor-element-7e898f5 elementor-invisible elementor-widget elementor-widget-heading\" data-id=\"7e898f5\" data-element_type=\"widget\" data-settings=\"{&quot;_animation&quot;:&quot;fadeIn&quot;,&quot;_animation_delay&quot;:600}\" data-widget_type=\"heading.default\">\n\t\t\t\t<div class=\"elementor-widget-container\">\n\t\t\t<h4 class=\"elementor-heading-title elementor-size-default\">Leyla Perea, Directrice pour le secteur priv\u00e9 du programme de volontariat Empresas que Inspiran au P\u00e9rou<\/h4>\t\t<\/div>\n\t\t\t\t<\/div>\n\t\t\t\t<div class=\"elementor-element elementor-element-2c4b6574 elementor-widget elementor-widget-spacer\" data-id=\"2c4b6574\" data-element_type=\"widget\" data-widget_type=\"spacer.default\">\n\t\t\t\t<div class=\"elementor-widget-container\">\n\t\t\t\t\t<div class=\"elementor-spacer\">\n\t\t\t<div class=\"elementor-spacer-inner\"><\/div>\n\t\t<\/div>\n\t\t\t\t<\/div>\n\t\t\t\t<\/div>\n\t\t\t\t<div class=\"elementor-element elementor-element-67a70a6f elementor-widget elementor-widget-text-editor\" data-id=\"67a70a6f\" data-element_type=\"widget\" data-widget_type=\"text-editor.default\">\n\t\t\t\t<div class=\"elementor-widget-container\">\n\t\t\t\t\t\t\t\t<div class=\"elementor-text-editor elementor-clearfix\">\n\t\t\t\t<h5><strong>R\u00e9flexions sur une initiative de volontariat d\u2019entreprise en p\u00e9riode de crise<\/strong><\/h5>\n<p>Voluntarios Telef\u00f3nica [volontaires du groupe Telef\u00f3nica] est un programme de volontariat d\u2019entreprise qui vise \u00e0 transformer la vie des personnes d\u00e9favoris\u00e9es en leur consacrant du temps et des efforts, tout en leur apportant des connaissances et des ressources, conform\u00e9ment aux valeurs du travail social et \u00e0 la strat\u00e9gie de l\u2019entreprise. Nous faisons \u00e9galement partie du r\u00e9seau \u00ab Empresas que Inspiran \u00bb, premi\u00e8re plateforme nationale de volontariat d\u2019entreprise, mise au point par le PNUD. Cette plateforme cherche \u00e0 faire valoir le volontariat d\u2019entreprise et sa contribution strat\u00e9gique pour la compagnie, les collaborateurs et la soci\u00e9t\u00e9 comme moyen de r\u00e9aliser les ODD en s\u2019appuyant sur l\u2019atout le plus pr\u00e9cieux de toute entreprise, \u00e0 savoir ses collaborateurs. Voluntarios Telef\u00f3nica mobilise chaque ann\u00e9e plus de 2 600 volontaires et mise sur ses partenaires pour contribuer \u00e0 la mise en \u0153uvre des ODD. Depuis 2007, nous soutenons des volontaires qui viennent en aide \u00e0 des groupes vuln\u00e9rables dans 21 villes et encourageons leur participation au d\u00e9veloppement local et communautaire.<\/p>\n<p>Nous proposons habituellement un large \u00e9ventail de missions de volontariat en face \u00e0 face \u00e0 nos collaborateurs, \u00e0 nos proches et \u00e0 nos amis qui prennent souvent part aux campagnes d\u2019aide, \u00e0 des activit\u00e9s de volontariat sur une journ\u00e9e, ou plus r\u00e9cemment \u00e0 des op\u00e9rations de transfert des connaissances et des comp\u00e9tences. Non seulement la plupart de nos partenaires finissent par mener leurs propres initiatives sociales, mais ils aspirent aussi \u00e0 devenir des acteurs du changement social.<\/p>\n<p>Du fait de la pand\u00e9mie, nous avons repens\u00e9 la totalit\u00e9 de notre programme et lanc\u00e9 des activit\u00e9s de volontariat virtuelles et faciles \u00e0 r\u00e9aliser, auxquelles nos partenaires peuvent participer, tout en b\u00e9n\u00e9ficiant des ressources du programme et en renfor\u00e7ant les relations avec d\u2019autres entit\u00e9s strat\u00e9giques.<\/p>\n<p>Pendant la pand\u00e9mie, nous avons d\u00fb rapidement r\u00e9organiser les activit\u00e9s du programme de volontariat d\u2019entreprise. Voluntarios Telef\u00f3nica, initialement un r\u00e9seau solidaire destin\u00e9 \u00e0 aider les groupes vuln\u00e9rables \u00e0 transformer leurs conditions de vie, a \u00e9volu\u00e9 afin de r\u00e9pondre aux nouveaux besoins de ces b\u00e9n\u00e9ficiaires en mati\u00e8re de sant\u00e9 dans le cadre de la pand\u00e9mie. Nous avons chang\u00e9 notre fusil d\u2019\u00e9paule et constitu\u00e9 un r\u00e9seau pour pouvoir mobiliser nos volontaires sur des activit\u00e9s par t\u00e9l\u00e9phone sans les exposer aux risques sanitaires li\u00e9s aux interactions en face \u00e0 face.<\/p>\n<p>Voluntarios Telef\u00f3nica a lanc\u00e9 diff\u00e9rents appels au volontariat virtuel \u00e0 l\u2019\u00e9chelle nationale : dons d\u2019\u00e9quipements de bios\u00e9curit\u00e9 sur mesure pour les pompiers et le personnel m\u00e9dical, distribution de nourriture et de produits d\u2019entretien dans diff\u00e9rents refuges et centres d\u2019accueil, et activit\u00e9s num\u00e9riques destin\u00e9es aux enfants (programmes scolaires ou culture num\u00e9rique pour les plus \u00e2g\u00e9s).<\/p>\n<p>Pendant la pand\u00e9mie, Voluntarios Telef\u00f3nica s\u2019est notamment distingu\u00e9 par son \u00ab Marat\u00f3n de Iniciativas \u00c1giles \u00bb (\u00ab Marathon des initiatives agiles \u00bb), une campagne d\u2019urgence destin\u00e9e \u00e0 lutter contre la pand\u00e9mie, qui s\u2019est d\u00e9roul\u00e9e entre juin et ao\u00fbt 2020. Cette initiative a connu un tel succ\u00e8s qu\u2019elle a \u00e9t\u00e9 organis\u00e9e \u00e0 deux reprises, en juin et en ao\u00fbt, dans 22 villes ainsi que dans la capitale Lima et dans plusieurs provinces, rassemblant plus de 1 200 volontaires pour venir en aide \u00e0 plus de 5 300 personnes.<\/p>\n<p>Durant le confinement, nous avons nou\u00e9 des partenariats strat\u00e9giques avec des organisations non gouvernementales (ONG), des \u00e9glises, ainsi que des administrations municipales et r\u00e9gionales en vue de mieux comprendre et satisfaire les besoins des communaut\u00e9s locales. Gr\u00e2ce \u00e0 des financements provenant du minist\u00e8re de la Femme et des Populations vuln\u00e9rables, nous avons donn\u00e9 aux volontaires la possibilit\u00e9 de s\u2019investir dans des programmes sociaux. Ces partenariats strat\u00e9giques ne nous ont pas seulement aid\u00e9s \u00e0 mieux comprendre les besoins des communaut\u00e9s et \u00e0 atteindre les plus touch\u00e9es par la pand\u00e9mie ; ils ont aussi am\u00e9lior\u00e9 l\u2019efficacit\u00e9 de nos interventions. Dans le m\u00eame temps, le secteur priv\u00e9 a d\u00e9ploy\u00e9 des efforts notables pour proposer des activit\u00e9s de volontariat, et l\u2019\u00c9tat, par l\u2019interm\u00e9diaire du minist\u00e8re de la Femme et des Populations vuln\u00e9rables, a imagin\u00e9 diff\u00e9rentes missions pour les volontaires d\u2019entreprise d\u00e9sireux de participer \u00e0 des programmes sociaux.<\/p>\n<p>Les partenariats avec d\u2019autres acteurs nous permettent d\u2019accomplir des choses extraordinaires. C\u2019est pourquoi la plateforme \u00ab Empresas que Inspiran \u00bb joue un r\u00f4le essentiel en contribuant \u00e0 faire red\u00e9marrer le volontariat d\u2019entreprise dans d\u2019autres soci\u00e9t\u00e9s. Nous voulons continuer \u00e0 former des alliances pour favoriser la participation des diff\u00e9rents acteurs de l\u2019\u00e9cosyst\u00e8me du volontariat d\u2019entreprise, dans une logique de r\u00e9alisation des ODD et d\u2019autonomisation citoyenne.<\/p>\n\t\t\t\t\t<\/div>\n\t\t\t\t\t\t<\/div>\n\t\t\t\t<\/div>\n\t\t\t\t<div class=\"elementor-element elementor-element-367cdb43 elementor-widget elementor-widget-spacer\" data-id=\"367cdb43\" data-element_type=\"widget\" data-widget_type=\"spacer.default\">\n\t\t\t\t<div class=\"elementor-widget-container\">\n\t\t\t\t\t<div class=\"elementor-spacer\">\n\t\t\t<div class=\"elementor-spacer-inner\"><\/div>\n\t\t<\/div>\n\t\t\t\t<\/div>\n\t\t\t\t<\/div>\n\t\t\t\t<div class=\"elementor-element elementor-element-4cbf7345 elementor-align-left elementor-widget elementor-widget-button\" data-id=\"4cbf7345\" data-element_type=\"widget\" data-widget_type=\"button.default\">\n\t\t\t\t<div class=\"elementor-widget-container\">\n\t\t\t\t\t<div class=\"elementor-button-wrapper\">\n\t\t\t<a href=\"\/fr\/contributions-speciales\/\" class=\"elementor-button-link elementor-button elementor-size-lg\" role=\"button\">\n\t\t\t\t\t\t<span class=\"elementor-button-content-wrapper\">\n\t\t\t\t\t\t<span class=\"elementor-button-icon elementor-align-icon-left\">\n\t\t\t\t<i aria-hidden=\"true\" class=\"th-linea icon th-linea icon-arrows-circle-right\"><\/i>\t\t\t<\/span>\n\t\t\t\t\t\t<span class=\"elementor-button-text\">Retour<\/span>\n\t\t<\/span>\n\t\t\t\t\t<\/a>\n\t\t<\/div>\n\t\t\t\t<\/div>\n\t\t\t\t<\/div>\n\t\t\t\t\t\t<\/div>\n\t\t\t\t\t<\/div>\n\t\t<\/div>\n\t\t\t\t\t\t\t\t<\/div>\n\t\t\t\t\t<\/div>\n\t\t<\/section>\n\t\t\t\t\t\t<\/div>\n\t\t\t\t\t<\/div>\n\t\t<\/div>\n\t\t\t\t\t\t\t\t<\/div>\n\t\t\t\t\t<\/div>\n\t\t<\/section>\n\t\t\t\t\t\t<\/div>\n\t\t\t\t\t\t<\/div>\n\t\t\t\t\t<\/div>\n\t\t","protected":false},"excerpt":{"rendered":"<p>Contributions sp\u00e9ciales P\u00e9rou Leyla Perea, Directrice pour le secteur priv\u00e9 du programme de volontariat Empresas que Inspiran au P\u00e9rou R\u00e9flexions sur une initiative de volontariat d\u2019entreprise en p\u00e9riode de crise Voluntarios Telef\u00f3nica [volontaires du groupe Telef\u00f3nica] est un programme de &hellip; <a href=\"https:\/\/swvr2022.unv.org\/fr\/sc-peru\/\">Read More<\/a><\/p>\n","protected":false},"author":1,"featured_media":0,"parent":0,"menu_order":37,"comment_status":"closed","ping_status":"closed","template":"","meta":[],"yoast_head":"<!-- This site is optimized with the Yoast SEO plugin v17.6 - https:\/\/yoast.com\/wordpress\/plugins\/seo\/ -->\n<title>SC - P\u00e9rou | UNV SWVR 2022<\/title>\n<meta name=\"description\" content=\"Contributions sp\u00e9ciales P\u00e9rou Leyla Perea, Directrice pour le secteur priv\u00e9 du programme de volontariat Empresas que Inspiran au P\u00e9rou R\u00e9flexions sur une\" \/>\n<meta name=\"robots\" content=\"index, follow, max-snippet:-1, max-image-preview:large, max-video-preview:-1\" \/>\n<link rel=\"canonical\" href=\"https:\/\/swvr2022.unv.org\/fr\/sc-peru\/\" \/>\n<meta property=\"og:locale\" content=\"fr_FR\" \/>\n<meta property=\"og:type\" content=\"article\" \/>\n<meta property=\"og:title\" content=\"SC - P\u00e9rou | UNV SWVR 2022\" \/>\n<meta property=\"og:description\" content=\"Contributions sp\u00e9ciales P\u00e9rou Leyla Perea, Directrice pour le secteur priv\u00e9 du programme de volontariat Empresas que Inspiran au P\u00e9rou R\u00e9flexions sur une\" \/>\n<meta property=\"og:url\" content=\"https:\/\/swvr2022.unv.org\/fr\/sc-peru\/\" \/>\n<meta property=\"og:site_name\" content=\"UNV SWVR 2022\" \/>\n<meta property=\"article:publisher\" content=\"https:\/\/www.facebook.com\/unvolunteers\/\" \/>\n<meta property=\"article:modified_time\" content=\"2022-04-19T14:59:34+00:00\" \/>\n<meta name=\"twitter:card\" content=\"summary_large_image\" \/>\n<meta name=\"twitter:site\" content=\"@UNVolunteers\" \/>\n<meta name=\"twitter:label1\" content=\"Est. reading time\" \/>\n\t<meta name=\"twitter:data1\" content=\"4 minutes\" \/>\n<script type=\"application\/ld+json\" class=\"yoast-schema-graph\">{\"@context\":\"https:\/\/schema.org\",\"@graph\":[{\"@type\":\"Organization\",\"@id\":\"https:\/\/swvr2022.unv.org\/#organization\",\"name\":\"UN Volunteers\",\"url\":\"https:\/\/swvr2022.unv.org\/\",\"sameAs\":[\"https:\/\/www.facebook.com\/unvolunteers\/\",\"https:\/\/www.instagram.com\/unvolunteers\/?hl=en\",\"https:\/\/www.youtube.com\/channel\/UCdcJE_W3L7tZGEJ46aOibPg\",\"https:\/\/twitter.com\/UNVolunteers\"],\"logo\":{\"@type\":\"ImageObject\",\"@id\":\"https:\/\/swvr2022.unv.org\/#logo\",\"inLanguage\":\"fr-FR\",\"url\":\"https:\/\/swvr2022.unv.org\/wp-content\/uploads\/2021\/12\/download.png\",\"contentUrl\":\"https:\/\/swvr2022.unv.org\/wp-content\/uploads\/2021\/12\/download.png\",\"width\":530,\"height\":95,\"caption\":\"UN Volunteers\"},\"image\":{\"@id\":\"https:\/\/swvr2022.unv.org\/#logo\"}},{\"@type\":\"WebSite\",\"@id\":\"https:\/\/swvr2022.unv.org\/#website\",\"url\":\"https:\/\/swvr2022.unv.org\/\",\"name\":\"UNV SWVR 2022\",\"description\":\"\",\"publisher\":{\"@id\":\"https:\/\/swvr2022.unv.org\/#organization\"},\"potentialAction\":[{\"@type\":\"SearchAction\",\"target\":{\"@type\":\"EntryPoint\",\"urlTemplate\":\"https:\/\/swvr2022.unv.org\/?s={search_term_string}\"},\"query-input\":\"required name=search_term_string\"}],\"inLanguage\":\"fr-FR\"},{\"@type\":\"WebPage\",\"@id\":\"https:\/\/swvr2022.unv.org\/fr\/sc-peru\/#webpage\",\"url\":\"https:\/\/swvr2022.unv.org\/fr\/sc-peru\/\",\"name\":\"SC - P\\u00e9rou | UNV SWVR 2022\",\"isPartOf\":{\"@id\":\"https:\/\/swvr2022.unv.org\/#website\"},\"datePublished\":\"2022-03-22T13:56:46+00:00\",\"dateModified\":\"2022-04-19T14:59:34+00:00\",\"description\":\"Contributions sp\\u00e9ciales P\\u00e9rou Leyla Perea, Directrice pour le secteur priv\\u00e9 du programme de volontariat Empresas que Inspiran au P\\u00e9rou R\\u00e9flexions sur une\",\"breadcrumb\":{\"@id\":\"https:\/\/swvr2022.unv.org\/fr\/sc-peru\/#breadcrumb\"},\"inLanguage\":\"fr-FR\",\"potentialAction\":[{\"@type\":\"ReadAction\",\"target\":[\"https:\/\/swvr2022.unv.org\/fr\/sc-peru\/\"]}]},{\"@type\":\"BreadcrumbList\",\"@id\":\"https:\/\/swvr2022.unv.org\/fr\/sc-peru\/#breadcrumb\",\"itemListElement\":[{\"@type\":\"ListItem\",\"position\":1,\"name\":\"Home\",\"item\":\"https:\/\/swvr2022.unv.org\/fr\/\"},{\"@type\":\"ListItem\",\"position\":2,\"name\":\"SC &#8211; P\\u00e9rou\"}]}]}<\/script>\n<!-- \/ Yoast SEO plugin. -->","yoast_head_json":{"title":"SC - P\u00e9rou | UNV SWVR 2022","description":"Contributions sp\u00e9ciales P\u00e9rou Leyla Perea, Directrice pour le secteur priv\u00e9 du programme de volontariat Empresas que Inspiran au P\u00e9rou R\u00e9flexions sur une","robots":{"index":"index","follow":"follow","max-snippet":"max-snippet:-1","max-image-preview":"max-image-preview:large","max-video-preview":"max-video-preview:-1"},"canonical":"https:\/\/swvr2022.unv.org\/fr\/sc-peru\/","og_locale":"fr_FR","og_type":"article","og_title":"SC - P\u00e9rou | UNV SWVR 2022","og_description":"Contributions sp\u00e9ciales P\u00e9rou Leyla Perea, Directrice pour le secteur priv\u00e9 du programme de volontariat Empresas que Inspiran au P\u00e9rou R\u00e9flexions sur une","og_url":"https:\/\/swvr2022.unv.org\/fr\/sc-peru\/","og_site_name":"UNV SWVR 2022","article_publisher":"https:\/\/www.facebook.com\/unvolunteers\/","article_modified_time":"2022-04-19T14:59:34+00:00","twitter_card":"summary_large_image","twitter_site":"@UNVolunteers","twitter_misc":{"Est. reading time":"4 minutes"},"schema":{"@context":"https:\/\/schema.org","@graph":[{"@type":"Organization","@id":"https:\/\/swvr2022.unv.org\/#organization","name":"UN Volunteers","url":"https:\/\/swvr2022.unv.org\/","sameAs":["https:\/\/www.facebook.com\/unvolunteers\/","https:\/\/www.instagram.com\/unvolunteers\/?hl=en","https:\/\/www.youtube.com\/channel\/UCdcJE_W3L7tZGEJ46aOibPg","https:\/\/twitter.com\/UNVolunteers"],"logo":{"@type":"ImageObject","@id":"https:\/\/swvr2022.unv.org\/#logo","inLanguage":"fr-FR","url":"https:\/\/swvr2022.unv.org\/wp-content\/uploads\/2021\/12\/download.png","contentUrl":"https:\/\/swvr2022.unv.org\/wp-content\/uploads\/2021\/12\/download.png","width":530,"height":95,"caption":"UN Volunteers"},"image":{"@id":"https:\/\/swvr2022.unv.org\/#logo"}},{"@type":"WebSite","@id":"https:\/\/swvr2022.unv.org\/#website","url":"https:\/\/swvr2022.unv.org\/","name":"UNV SWVR 2022","description":"","publisher":{"@id":"https:\/\/swvr2022.unv.org\/#organization"},"potentialAction":[{"@type":"SearchAction","target":{"@type":"EntryPoint","urlTemplate":"https:\/\/swvr2022.unv.org\/?s={search_term_string}"},"query-input":"required name=search_term_string"}],"inLanguage":"fr-FR"},{"@type":"WebPage","@id":"https:\/\/swvr2022.unv.org\/fr\/sc-peru\/#webpage","url":"https:\/\/swvr2022.unv.org\/fr\/sc-peru\/","name":"SC - P\u00e9rou | UNV SWVR 2022","isPartOf":{"@id":"https:\/\/swvr2022.unv.org\/#website"},"datePublished":"2022-03-22T13:56:46+00:00","dateModified":"2022-04-19T14:59:34+00:00","description":"Contributions sp\u00e9ciales P\u00e9rou Leyla Perea, Directrice pour le secteur priv\u00e9 du programme de volontariat Empresas que Inspiran au P\u00e9rou R\u00e9flexions sur une","breadcrumb":{"@id":"https:\/\/swvr2022.unv.org\/fr\/sc-peru\/#breadcrumb"},"inLanguage":"fr-FR","potentialAction":[{"@type":"ReadAction","target":["https:\/\/swvr2022.unv.org\/fr\/sc-peru\/"]}]},{"@type":"BreadcrumbList","@id":"https:\/\/swvr2022.unv.org\/fr\/sc-peru\/#breadcrumb","itemListElement":[{"@type":"ListItem","position":1,"name":"Home","item":"https:\/\/swvr2022.unv.org\/fr\/"},{"@type":"ListItem","position":2,"name":"SC &#8211; P\u00e9rou"}]}]}},"_links":{"self":[{"href":"https:\/\/swvr2022.unv.org\/fr\/wp-json\/wp\/v2\/pages\/18268"}],"collection":[{"href":"https:\/\/swvr2022.unv.org\/fr\/wp-json\/wp\/v2\/pages"}],"about":[{"href":"https:\/\/swvr2022.unv.org\/fr\/wp-json\/wp\/v2\/types\/page"}],"author":[{"embeddable":true,"href":"https:\/\/swvr2022.unv.org\/fr\/wp-json\/wp\/v2\/users\/1"}],"replies":[{"embeddable":true,"href":"https:\/\/swvr2022.unv.org\/fr\/wp-json\/wp\/v2\/comments?post=18268"}],"version-history":[{"count":7,"href":"https:\/\/swvr2022.unv.org\/fr\/wp-json\/wp\/v2\/pages\/18268\/revisions"}],"predecessor-version":[{"id":19285,"href":"https:\/\/swvr2022.unv.org\/fr\/wp-json\/wp\/v2\/pages\/18268\/revisions\/19285"}],"wp:attachment":[{"href":"https:\/\/swvr2022.unv.org\/fr\/wp-json\/wp\/v2\/media?parent=18268"}],"curies":[{"name":"wp","href":"https:\/\/api.w.org\/{rel}","templated":true}]}}