{"id":18271,"date":"2022-03-22T13:56:47","date_gmt":"2022-03-22T13:56:47","guid":{"rendered":"https:\/\/live-unv-swvr.pantheonsite.io\/sc-sahel-ro-ea-and-sa\/"},"modified":"2022-04-19T14:59:53","modified_gmt":"2022-04-19T14:59:53","slug":"sc-sahel-ro-ea-and-sa","status":"publish","type":"page","link":"https:\/\/swvr2022.unv.org\/fr\/sc-sahel-ro-ea-and-sa\/","title":{"rendered":"SC &#8211; Sahel &#8211; RO EA and SA"},"content":{"rendered":"\t\t<div data-elementor-type=\"wp-page\" data-elementor-id=\"18271\" class=\"elementor elementor-18271 elementor-11452\" data-elementor-settings=\"[]\">\n\t\t\t\t\t\t<div class=\"elementor-inner\">\n\t\t\t\t\t\t\t<div class=\"elementor-section-wrap\">\n\t\t\t\t\t\t\t<section class=\"has_eae_slider elementor-section elementor-top-section elementor-element elementor-element-41e08c10 elementor-section-height-min-height animated-slow elementor-section-content-middle elementor-section-boxed elementor-section-height-default elementor-section-items-middle elementor-invisible\" data-id=\"41e08c10\" data-element_type=\"section\" data-settings=\"{&quot;background_background&quot;:&quot;classic&quot;,&quot;animation&quot;:&quot;fadeIn&quot;}\">\n\t\t\t\t\t\t\t<div class=\"elementor-background-overlay\"><\/div>\n\t\t\t\t\t\t\t<div class=\"elementor-container elementor-column-gap-default\">\n\t\t\t\t\t\t\t<div class=\"elementor-row\">\n\t\t\t\t\t<div class=\"has_eae_slider elementor-column elementor-col-100 elementor-top-column elementor-element elementor-element-cfd2cc2\" data-id=\"cfd2cc2\" data-element_type=\"column\">\n\t\t\t<div class=\"elementor-column-wrap elementor-element-populated\">\n\t\t\t\t\t\t\t<div class=\"elementor-widget-wrap\">\n\t\t\t\t\t\t<section class=\"has_eae_slider elementor-section elementor-inner-section elementor-element elementor-element-245412ed elementor-section-content-bottom elementor-section-boxed elementor-section-height-default elementor-section-height-default\" data-id=\"245412ed\" data-element_type=\"section\" data-settings=\"{&quot;background_background&quot;:&quot;classic&quot;}\">\n\t\t\t\t\t\t<div class=\"elementor-container elementor-column-gap-default\">\n\t\t\t\t\t\t\t<div class=\"elementor-row\">\n\t\t\t\t\t<div class=\"has_eae_slider elementor-column elementor-col-100 elementor-inner-column elementor-element elementor-element-1bf2148e animated-slow elementor-invisible\" data-id=\"1bf2148e\" data-element_type=\"column\" data-settings=\"{&quot;background_background&quot;:&quot;classic&quot;,&quot;animation&quot;:&quot;fadeIn&quot;,&quot;animation_delay&quot;:600}\">\n\t\t\t<div class=\"elementor-column-wrap elementor-element-populated\">\n\t\t\t\t\t\t\t<div class=\"elementor-widget-wrap\">\n\t\t\t\t\t\t<div class=\"elementor-element elementor-element-4d67b34b elementor-invisible elementor-widget elementor-widget-heading\" data-id=\"4d67b34b\" data-element_type=\"widget\" data-settings=\"{&quot;_animation&quot;:&quot;fadeIn&quot;,&quot;_animation_delay&quot;:600}\" data-widget_type=\"heading.default\">\n\t\t\t\t<div class=\"elementor-widget-container\">\n\t\t\t<h1 class=\"elementor-heading-title elementor-size-default\">Contributions sp\u00e9ciales<\/h1>\t\t<\/div>\n\t\t\t\t<\/div>\n\t\t\t\t<div class=\"elementor-element elementor-element-298191b9 elementor-widget elementor-widget-spacer\" data-id=\"298191b9\" data-element_type=\"widget\" data-widget_type=\"spacer.default\">\n\t\t\t\t<div class=\"elementor-widget-container\">\n\t\t\t\t\t<div class=\"elementor-spacer\">\n\t\t\t<div class=\"elementor-spacer-inner\"><\/div>\n\t\t<\/div>\n\t\t\t\t<\/div>\n\t\t\t\t<\/div>\n\t\t\t\t<div class=\"elementor-element elementor-element-18226608 elementor-widget elementor-widget-heading\" data-id=\"18226608\" data-element_type=\"widget\" data-widget_type=\"heading.default\">\n\t\t\t\t<div class=\"elementor-widget-container\">\n\t\t\t<h4 class=\"elementor-heading-title elementor-size-default\">Sahel<\/h4>\t\t<\/div>\n\t\t\t\t<\/div>\n\t\t\t\t<div class=\"elementor-element elementor-element-609cda24 elementor-widget elementor-widget-spacer\" data-id=\"609cda24\" data-element_type=\"widget\" data-widget_type=\"spacer.default\">\n\t\t\t\t<div class=\"elementor-widget-container\">\n\t\t\t\t\t<div class=\"elementor-spacer\">\n\t\t\t<div class=\"elementor-spacer-inner\"><\/div>\n\t\t<\/div>\n\t\t\t\t<\/div>\n\t\t\t\t<\/div>\n\t\t\t\t<div class=\"elementor-element elementor-element-2d4dcc7f elementor-invisible elementor-widget elementor-widget-heading\" data-id=\"2d4dcc7f\" data-element_type=\"widget\" data-settings=\"{&quot;_animation&quot;:&quot;fadeIn&quot;,&quot;_animation_delay&quot;:600}\" data-widget_type=\"heading.default\">\n\t\t\t\t<div class=\"elementor-widget-container\">\n\t\t\t<h4 class=\"elementor-heading-title elementor-size-default\">R\u00e9flexions du Coordonnateur sp\u00e9cial pour le d\u00e9veloppement au Sahel, M. Abdoulaye Mar Dieye<\/h4>\t\t<\/div>\n\t\t\t\t<\/div>\n\t\t\t\t<div class=\"elementor-element elementor-element-2c99767c elementor-widget elementor-widget-spacer\" data-id=\"2c99767c\" data-element_type=\"widget\" data-widget_type=\"spacer.default\">\n\t\t\t\t<div class=\"elementor-widget-container\">\n\t\t\t\t\t<div class=\"elementor-spacer\">\n\t\t\t<div class=\"elementor-spacer-inner\"><\/div>\n\t\t<\/div>\n\t\t\t\t<\/div>\n\t\t\t\t<\/div>\n\t\t\t\t<div class=\"elementor-element elementor-element-659f743c elementor-widget elementor-widget-text-editor\" data-id=\"659f743c\" data-element_type=\"widget\" data-widget_type=\"text-editor.default\">\n\t\t\t\t<div class=\"elementor-widget-container\">\n\t\t\t\t\t\t\t\t<div class=\"elementor-text-editor elementor-clearfix\">\n\t\t\t\t<h4>Fa\u00e7onner l\u2019avenir du d\u00e9veloppement dans la r\u00e9gion du Sahel \u00e0 travers les partenariats entre jeunes volontaires et gouvernements \u2013 une chance \u00e0 ne pas laisser passer<\/h4><p>Le volontariat repose sur l\u2019abn\u00e9gation de personnes, essentiellement des jeunes, qui souhaitent un v\u00e9ritable changement. Cet id\u00e9al, ancr\u00e9 dans le travail des Nations Unies, est au coeur de la Strat\u00e9gie int\u00e9gr\u00e9e des Nations Unies pour le Sahel et de son Plan de soutien.<\/p><p>Le Sahel est un territoire aux multiples r\u00e9alit\u00e9s contradictoires, qui se caract\u00e9rise d\u2019une part par des probl\u00e8mes humanitaires, de paix et de s\u00e9curit\u00e9, et d\u2019autre part par des habitants g\u00e9n\u00e9reux, d\u2019inestimables ressources culturelles et naturelles et un potentiel de croissance consid\u00e9rable.<\/p><p>Pour assurer le d\u00e9veloppement du Sahel, il est \u00e9minemment souhaitable que les jeunes de la r\u00e9gion fassent preuve d\u2019altruisme. Les jeunes, qui repr\u00e9sentent plus de 60 % de la population, sont incontestablement le principal atout du Sahel. D\u00e8s lors, quel est pour les pouvoirs publics de la r\u00e9gion et les autres partenaires le meilleur moyen de mobiliser ces jeunes, souvent d\u00e9j\u00e0 impliqu\u00e9s dans le volontariat au service du d\u00e9veloppement ?<\/p><p>Pour exploiter pleinement le potentiel de la r\u00e9gion et faire oublier la mauvaise r\u00e9putation du Sahel, les parties prenantes doivent encourager les jeunes \u00e0 s\u2019investir en faveur du d\u00e9veloppement. C\u2019est forts de cette conviction que les acteurs de la Strat\u00e9gie int\u00e9gr\u00e9e des Nations Unies pour le Sahel entendent rem\u00e9dier aux probl\u00e8mes structurels de la r\u00e9gion. Pouvant compter sur les jeunes Sah\u00e9liens (souvent d\u00e9j\u00e0 volontaires) en tant que pr\u00e9cieux alli\u00e9s dans la r\u00e9solution de ces probl\u00e8mes, la Strat\u00e9gie a d\u00e9fini des mesures ambitieuses destin\u00e9es \u00e0 s\u2019attaquer aux causes profondes des crises prolong\u00e9es et du sous\u2011d\u00e9veloppement dans la r\u00e9gion.<\/p><p>Le volontariat est une noble cause qui peut servir les int\u00e9r\u00eats des habitants du Sahel. Les jeunes volontaires sont des acteurs du changement dispos\u00e9s \u00e0 favoriser activement le d\u00e9veloppement dans leurs communaut\u00e9s. S\u2019associer \u00e0 eux pour appuyer le d\u00e9veloppement de leurs pays est l\u2019un des moyens les plus efficaces d\u2019influer sur l\u2019avenir de la r\u00e9gion.<\/p><p>Les jeunes Sah\u00e9liens ont en effet \u00e9t\u00e9 les premiers \u00e0 intervenir face aux diff\u00e9rentes crises travers\u00e9es par la r\u00e9gion et ont contribu\u00e9 \u00e0 maintes reprises \u00e0 son d\u00e9veloppement ainsi qu\u2019\u00e0 la paix et \u00e0 la s\u00e9curit\u00e9. Dans le cadre de la lutte contre la COVID-19, par exemple, 170 Volontaires de l\u2019ONU (principalement des femmes) ont coop\u00e9r\u00e9 avec les Nations Unies et les gouvernements du Burkina Faso, du Mali, de la Mauritanie, du Niger et du Tchad pour r\u00e9pondre aux besoins \u00e9mergents.<\/p><p>Antonio Guterres, Secr\u00e9taire g\u00e9n\u00e9ral des Nations Unies, a quant \u00e0 lui appel\u00e9 \u00ab tous les gouvernements \u00e0 encourager le volontariat, \u00e0 soutenir les efforts des volontaires et \u00e0 reconna\u00eetre leur contribution \u00e0 la r\u00e9alisation des objectifs de d\u00e9veloppement durable \u00bb. Pour encourager le d\u00e9veloppement des pays du Sahel, les gouvernements de la r\u00e9gion doivent reconna\u00eetre le r\u00f4le des jeunes et du volontariat et placer ce dernier au c\u0153ur des efforts de d\u00e9veloppement afin que tout le monde y gagne.<\/p><p>Compte tenu de l\u2019importante contribution des jeunes Sah\u00e9liens, la Strat\u00e9gie int\u00e9gr\u00e9e des Nations Unies pour le Sahel a lanc\u00e9 en 2021 une initiative destin\u00e9e \u00e0 tenir compte de leur point de vue sur le d\u00e9veloppement en leur demandant directement comment les Nations Unies pourraient mieux s\u2019associer aux jeunes pour donner une image plus positive du Sahel.<\/p><p>Le volontariat rapproche les diff\u00e9rentes g\u00e9n\u00e9rations, s\u2019attaque aux causes profondes des conflits et restaure le contrat social sans laisser personne pour compte. Les gouvernements du Sahel et les autres partenaires qui souhaitent concr\u00e9tiser les objectifs de d\u00e9veloppement du Sahel et r\u00e9aliser les ODD doivent donc reconna\u00eetre et miser sur les efforts d\u00e9ploy\u00e9s par les volontaires, les soutenir et engager des ressources et des investissements en faveur d\u2019initiatives men\u00e9es par les jeunes, en particulier lorsque celles-ci font appel au volontariat.<\/p><p>Le moment ne pourrait \u00eatre mieux choisi pour se lancer dans le volontariat.<\/p>\t\t\t\t\t<\/div>\n\t\t\t\t\t\t<\/div>\n\t\t\t\t<\/div>\n\t\t\t\t<div class=\"elementor-element elementor-element-2995da8e elementor-widget elementor-widget-spacer\" data-id=\"2995da8e\" data-element_type=\"widget\" data-widget_type=\"spacer.default\">\n\t\t\t\t<div class=\"elementor-widget-container\">\n\t\t\t\t\t<div class=\"elementor-spacer\">\n\t\t\t<div class=\"elementor-spacer-inner\"><\/div>\n\t\t<\/div>\n\t\t\t\t<\/div>\n\t\t\t\t<\/div>\n\t\t\t\t<div class=\"elementor-element elementor-element-3909eb37 elementor-align-left elementor-widget elementor-widget-button\" data-id=\"3909eb37\" data-element_type=\"widget\" data-widget_type=\"button.default\">\n\t\t\t\t<div class=\"elementor-widget-container\">\n\t\t\t\t\t<div class=\"elementor-button-wrapper\">\n\t\t\t<a href=\"\/fr\/contributions-speciales\/\" class=\"elementor-button-link elementor-button elementor-size-lg\" role=\"button\">\n\t\t\t\t\t\t<span class=\"elementor-button-content-wrapper\">\n\t\t\t\t\t\t<span class=\"elementor-button-icon elementor-align-icon-left\">\n\t\t\t\t<i aria-hidden=\"true\" class=\"th-linea icon th-linea icon-arrows-circle-right\"><\/i>\t\t\t<\/span>\n\t\t\t\t\t\t<span class=\"elementor-button-text\">Retour<\/span>\n\t\t<\/span>\n\t\t\t\t\t<\/a>\n\t\t<\/div>\n\t\t\t\t<\/div>\n\t\t\t\t<\/div>\n\t\t\t\t\t\t<\/div>\n\t\t\t\t\t<\/div>\n\t\t<\/div>\n\t\t\t\t\t\t\t\t<\/div>\n\t\t\t\t\t<\/div>\n\t\t<\/section>\n\t\t\t\t\t\t<\/div>\n\t\t\t\t\t<\/div>\n\t\t<\/div>\n\t\t\t\t\t\t\t\t<\/div>\n\t\t\t\t\t<\/div>\n\t\t<\/section>\n\t\t\t\t\t\t<\/div>\n\t\t\t\t\t\t<\/div>\n\t\t\t\t\t<\/div>\n\t\t","protected":false},"excerpt":{"rendered":"<p>Contributions sp\u00e9ciales Sahel R\u00e9flexions du Coordonnateur sp\u00e9cial pour le d\u00e9veloppement au Sahel, M. Abdoulaye Mar Dieye Fa\u00e7onner l\u2019avenir du d\u00e9veloppement dans la r\u00e9gion du Sahel \u00e0 travers les partenariats entre jeunes volontaires et gouvernements \u2013 une chance \u00e0 ne pas &hellip; <a href=\"https:\/\/swvr2022.unv.org\/fr\/sc-sahel-ro-ea-and-sa\/\">Read More<\/a><\/p>\n","protected":false},"author":1,"featured_media":0,"parent":0,"menu_order":40,"comment_status":"closed","ping_status":"closed","template":"","meta":[],"yoast_head":"<!-- This site is optimized with the Yoast SEO plugin v17.6 - https:\/\/yoast.com\/wordpress\/plugins\/seo\/ -->\n<title>SC - Sahel - RO EA and SA | UNV SWVR 2022<\/title>\n<meta name=\"description\" content=\"Contributions sp\u00e9ciales Sahel R\u00e9flexions du Coordonnateur sp\u00e9cial pour le d\u00e9veloppement au Sahel, M. Abdoulaye Mar Dieye Fa\u00e7onner l\u2019avenir du\" \/>\n<meta name=\"robots\" content=\"index, follow, max-snippet:-1, max-image-preview:large, max-video-preview:-1\" \/>\n<link rel=\"canonical\" href=\"https:\/\/swvr2022.unv.org\/fr\/sc-sahel-ro-ea-and-sa\/\" \/>\n<meta property=\"og:locale\" content=\"fr_FR\" \/>\n<meta property=\"og:type\" content=\"article\" \/>\n<meta property=\"og:title\" content=\"SC - Sahel - RO EA and SA | UNV SWVR 2022\" \/>\n<meta property=\"og:description\" content=\"Contributions sp\u00e9ciales Sahel R\u00e9flexions du Coordonnateur sp\u00e9cial pour le d\u00e9veloppement au Sahel, M. Abdoulaye Mar Dieye Fa\u00e7onner l\u2019avenir du\" \/>\n<meta property=\"og:url\" content=\"https:\/\/swvr2022.unv.org\/fr\/sc-sahel-ro-ea-and-sa\/\" \/>\n<meta property=\"og:site_name\" content=\"UNV SWVR 2022\" \/>\n<meta property=\"article:publisher\" content=\"https:\/\/www.facebook.com\/unvolunteers\/\" \/>\n<meta property=\"article:modified_time\" content=\"2022-04-19T14:59:53+00:00\" \/>\n<meta name=\"twitter:card\" content=\"summary_large_image\" \/>\n<meta name=\"twitter:site\" content=\"@UNVolunteers\" \/>\n<meta name=\"twitter:label1\" content=\"Est. reading time\" \/>\n\t<meta name=\"twitter:data1\" content=\"3 minutes\" \/>\n<script type=\"application\/ld+json\" class=\"yoast-schema-graph\">{\"@context\":\"https:\/\/schema.org\",\"@graph\":[{\"@type\":\"Organization\",\"@id\":\"https:\/\/swvr2022.unv.org\/#organization\",\"name\":\"UN Volunteers\",\"url\":\"https:\/\/swvr2022.unv.org\/\",\"sameAs\":[\"https:\/\/www.facebook.com\/unvolunteers\/\",\"https:\/\/www.instagram.com\/unvolunteers\/?hl=en\",\"https:\/\/www.youtube.com\/channel\/UCdcJE_W3L7tZGEJ46aOibPg\",\"https:\/\/twitter.com\/UNVolunteers\"],\"logo\":{\"@type\":\"ImageObject\",\"@id\":\"https:\/\/swvr2022.unv.org\/#logo\",\"inLanguage\":\"fr-FR\",\"url\":\"https:\/\/swvr2022.unv.org\/wp-content\/uploads\/2021\/12\/download.png\",\"contentUrl\":\"https:\/\/swvr2022.unv.org\/wp-content\/uploads\/2021\/12\/download.png\",\"width\":530,\"height\":95,\"caption\":\"UN Volunteers\"},\"image\":{\"@id\":\"https:\/\/swvr2022.unv.org\/#logo\"}},{\"@type\":\"WebSite\",\"@id\":\"https:\/\/swvr2022.unv.org\/#website\",\"url\":\"https:\/\/swvr2022.unv.org\/\",\"name\":\"UNV SWVR 2022\",\"description\":\"\",\"publisher\":{\"@id\":\"https:\/\/swvr2022.unv.org\/#organization\"},\"potentialAction\":[{\"@type\":\"SearchAction\",\"target\":{\"@type\":\"EntryPoint\",\"urlTemplate\":\"https:\/\/swvr2022.unv.org\/?s={search_term_string}\"},\"query-input\":\"required name=search_term_string\"}],\"inLanguage\":\"fr-FR\"},{\"@type\":\"WebPage\",\"@id\":\"https:\/\/swvr2022.unv.org\/fr\/sc-sahel-ro-ea-and-sa\/#webpage\",\"url\":\"https:\/\/swvr2022.unv.org\/fr\/sc-sahel-ro-ea-and-sa\/\",\"name\":\"SC - Sahel - RO EA and SA | UNV SWVR 2022\",\"isPartOf\":{\"@id\":\"https:\/\/swvr2022.unv.org\/#website\"},\"datePublished\":\"2022-03-22T13:56:47+00:00\",\"dateModified\":\"2022-04-19T14:59:53+00:00\",\"description\":\"Contributions sp\\u00e9ciales Sahel R\\u00e9flexions du Coordonnateur sp\\u00e9cial pour le d\\u00e9veloppement au Sahel, M. Abdoulaye Mar Dieye Fa\\u00e7onner l\\u2019avenir du\",\"breadcrumb\":{\"@id\":\"https:\/\/swvr2022.unv.org\/fr\/sc-sahel-ro-ea-and-sa\/#breadcrumb\"},\"inLanguage\":\"fr-FR\",\"potentialAction\":[{\"@type\":\"ReadAction\",\"target\":[\"https:\/\/swvr2022.unv.org\/fr\/sc-sahel-ro-ea-and-sa\/\"]}]},{\"@type\":\"BreadcrumbList\",\"@id\":\"https:\/\/swvr2022.unv.org\/fr\/sc-sahel-ro-ea-and-sa\/#breadcrumb\",\"itemListElement\":[{\"@type\":\"ListItem\",\"position\":1,\"name\":\"Home\",\"item\":\"https:\/\/swvr2022.unv.org\/fr\/\"},{\"@type\":\"ListItem\",\"position\":2,\"name\":\"SC &#8211; Sahel &#8211; RO EA and SA\"}]}]}<\/script>\n<!-- \/ Yoast SEO plugin. -->","yoast_head_json":{"title":"SC - Sahel - RO EA and SA | UNV SWVR 2022","description":"Contributions sp\u00e9ciales Sahel R\u00e9flexions du Coordonnateur sp\u00e9cial pour le d\u00e9veloppement au Sahel, M. Abdoulaye Mar Dieye Fa\u00e7onner l\u2019avenir du","robots":{"index":"index","follow":"follow","max-snippet":"max-snippet:-1","max-image-preview":"max-image-preview:large","max-video-preview":"max-video-preview:-1"},"canonical":"https:\/\/swvr2022.unv.org\/fr\/sc-sahel-ro-ea-and-sa\/","og_locale":"fr_FR","og_type":"article","og_title":"SC - Sahel - RO EA and SA | UNV SWVR 2022","og_description":"Contributions sp\u00e9ciales Sahel R\u00e9flexions du Coordonnateur sp\u00e9cial pour le d\u00e9veloppement au Sahel, M. Abdoulaye Mar Dieye Fa\u00e7onner l\u2019avenir du","og_url":"https:\/\/swvr2022.unv.org\/fr\/sc-sahel-ro-ea-and-sa\/","og_site_name":"UNV SWVR 2022","article_publisher":"https:\/\/www.facebook.com\/unvolunteers\/","article_modified_time":"2022-04-19T14:59:53+00:00","twitter_card":"summary_large_image","twitter_site":"@UNVolunteers","twitter_misc":{"Est. reading time":"3 minutes"},"schema":{"@context":"https:\/\/schema.org","@graph":[{"@type":"Organization","@id":"https:\/\/swvr2022.unv.org\/#organization","name":"UN Volunteers","url":"https:\/\/swvr2022.unv.org\/","sameAs":["https:\/\/www.facebook.com\/unvolunteers\/","https:\/\/www.instagram.com\/unvolunteers\/?hl=en","https:\/\/www.youtube.com\/channel\/UCdcJE_W3L7tZGEJ46aOibPg","https:\/\/twitter.com\/UNVolunteers"],"logo":{"@type":"ImageObject","@id":"https:\/\/swvr2022.unv.org\/#logo","inLanguage":"fr-FR","url":"https:\/\/swvr2022.unv.org\/wp-content\/uploads\/2021\/12\/download.png","contentUrl":"https:\/\/swvr2022.unv.org\/wp-content\/uploads\/2021\/12\/download.png","width":530,"height":95,"caption":"UN Volunteers"},"image":{"@id":"https:\/\/swvr2022.unv.org\/#logo"}},{"@type":"WebSite","@id":"https:\/\/swvr2022.unv.org\/#website","url":"https:\/\/swvr2022.unv.org\/","name":"UNV SWVR 2022","description":"","publisher":{"@id":"https:\/\/swvr2022.unv.org\/#organization"},"potentialAction":[{"@type":"SearchAction","target":{"@type":"EntryPoint","urlTemplate":"https:\/\/swvr2022.unv.org\/?s={search_term_string}"},"query-input":"required name=search_term_string"}],"inLanguage":"fr-FR"},{"@type":"WebPage","@id":"https:\/\/swvr2022.unv.org\/fr\/sc-sahel-ro-ea-and-sa\/#webpage","url":"https:\/\/swvr2022.unv.org\/fr\/sc-sahel-ro-ea-and-sa\/","name":"SC - Sahel - RO EA and SA | UNV SWVR 2022","isPartOf":{"@id":"https:\/\/swvr2022.unv.org\/#website"},"datePublished":"2022-03-22T13:56:47+00:00","dateModified":"2022-04-19T14:59:53+00:00","description":"Contributions sp\u00e9ciales Sahel R\u00e9flexions du Coordonnateur sp\u00e9cial pour le d\u00e9veloppement au Sahel, M. Abdoulaye Mar Dieye Fa\u00e7onner l\u2019avenir du","breadcrumb":{"@id":"https:\/\/swvr2022.unv.org\/fr\/sc-sahel-ro-ea-and-sa\/#breadcrumb"},"inLanguage":"fr-FR","potentialAction":[{"@type":"ReadAction","target":["https:\/\/swvr2022.unv.org\/fr\/sc-sahel-ro-ea-and-sa\/"]}]},{"@type":"BreadcrumbList","@id":"https:\/\/swvr2022.unv.org\/fr\/sc-sahel-ro-ea-and-sa\/#breadcrumb","itemListElement":[{"@type":"ListItem","position":1,"name":"Home","item":"https:\/\/swvr2022.unv.org\/fr\/"},{"@type":"ListItem","position":2,"name":"SC &#8211; Sahel &#8211; RO EA and SA"}]}]}},"_links":{"self":[{"href":"https:\/\/swvr2022.unv.org\/fr\/wp-json\/wp\/v2\/pages\/18271"}],"collection":[{"href":"https:\/\/swvr2022.unv.org\/fr\/wp-json\/wp\/v2\/pages"}],"about":[{"href":"https:\/\/swvr2022.unv.org\/fr\/wp-json\/wp\/v2\/types\/page"}],"author":[{"embeddable":true,"href":"https:\/\/swvr2022.unv.org\/fr\/wp-json\/wp\/v2\/users\/1"}],"replies":[{"embeddable":true,"href":"https:\/\/swvr2022.unv.org\/fr\/wp-json\/wp\/v2\/comments?post=18271"}],"version-history":[{"count":9,"href":"https:\/\/swvr2022.unv.org\/fr\/wp-json\/wp\/v2\/pages\/18271\/revisions"}],"predecessor-version":[{"id":19288,"href":"https:\/\/swvr2022.unv.org\/fr\/wp-json\/wp\/v2\/pages\/18271\/revisions\/19288"}],"wp:attachment":[{"href":"https:\/\/swvr2022.unv.org\/fr\/wp-json\/wp\/v2\/media?parent=18271"}],"curies":[{"name":"wp","href":"https:\/\/api.w.org\/{rel}","templated":true}]}}